{"id":8780,"date":"2022-03-30T14:33:39","date_gmt":"2022-03-31T12:35:49","guid":{"rendered":"https:\/\/www.fahrschultheorie.ch\/?post_type=product&#038;p=8780"},"modified":"2025-12-01T12:33:40","modified_gmt":"2025-12-01T10:33:40","slug":"couverture-de-pare-brise-xxl-contre-le-gel-et-la-chaleur","status":"publish","type":"product","link":"https:\/\/www.fahrschultheorie.ch\/fr\/produit\/couverture-de-pare-brise-xxl-contre-le-gel-et-la-chaleur\/","title":{"rendered":"Couverture de pare-brise XXL contre le gel et la chaleur"},"content":{"rendered":"<h3><strong>2 en 1 &#8211; Pour l&rsquo;\u00e9t\u00e9 et l&rsquo;hiver<\/strong><\/h3>\n<p>Facile \u00e0 fixer, convient \u00e0 la plupart des mod\u00e8les de voitures.<\/p>\n<p>Prot\u00e8ge contre le gel, la glace et la neige en hiver et contre le soleil, la chaleur et les rayons UV en \u00e9t\u00e9.<\/p>\n<p>Design pliable pour un rangement compact, bords renforc\u00e9s en mousse et aluminium.<\/p>\n<p>Fixation antivol, dimensions env. 150 x 97cm<\/p>\n","protected":false},"excerpt":{"rendered":"<p>Facile \u00e0 fixer, convient \u00e0 la plupart des mod\u00e8les de voitures.<\/p>\n<p>Prot\u00e8ge contre le gel, la glace et la neige en hiver et contre le soleil, la chaleur et les rayons UV en \u00e9t\u00e9.<\/p>\n<p>Design pliable pour un rangement compact, bords renforc\u00e9s en mousse et aluminium.<\/p>\n<p>Fixation antivol, dimensions env. 139 x 68cm<\/p>\n","protected":false},"featured_media":8839,"template":"","meta":[],"product_cat":[167],"product_tag":[],"class_list":{"0":"post-8780","1":"product","2":"type-product","3":"status-publish","4":"has-post-thumbnail","6":"product_cat-accessoires","7":"product_shipping_class-courrier","9":"first","10":"instock","11":"taxable","12":"shipping-taxable","13":"purchasable","14":"product-type-simple"},"yoast_head":"<!-- This site is optimized with the Yoast SEO plugin v21.8 - https:\/\/yoast.com\/wordpress\/plugins\/seo\/ -->\n<title>Couverture de pare-brise XXL contre le gel et la chaleur - www.fahrschultheorie.ch<\/title>\n<meta name=\"description\" content=\"Facile \u00e0 fixer. Prot\u00e8ge contre le gel, la glace et la neige en hiver et contre le soleil, la chaleur et les rayons UV en \u00e9t\u00e9.\" \/>\n<meta name=\"robots\" content=\"index, follow, max-snippet:-1, max-image-preview:large, max-video-preview:-1\" \/>\n<link rel=\"canonical\" href=\"https:\/\/www.fahrschultheorie.ch\/fr\/produit\/couverture-de-pare-brise-xxl-contre-le-gel-et-la-chaleur\/\" \/>\n<meta property=\"og:locale\" content=\"fr_FR\" \/>\n<meta property=\"og:type\" content=\"article\" \/>\n<meta property=\"og:title\" content=\"Couverture de pare-brise XXL contre le gel et la chaleur - www.fahrschultheorie.ch\" \/>\n<meta property=\"og:description\" content=\"Facile \u00e0 fixer. Prot\u00e8ge contre le gel, la glace et la neige en hiver et contre le soleil, la chaleur et les rayons UV en \u00e9t\u00e9.\" \/>\n<meta property=\"og:url\" content=\"https:\/\/www.fahrschultheorie.ch\/fr\/produit\/couverture-de-pare-brise-xxl-contre-le-gel-et-la-chaleur\/\" \/>\n<meta property=\"og:site_name\" content=\"www.fahrschultheorie.ch\" \/>\n<meta property=\"article:modified_time\" content=\"2025-12-01T10:33:40+00:00\" \/>\n<meta property=\"og:image\" content=\"https:\/\/www.fahrschultheorie.ch\/wp-content\/uploads\/2022\/03\/Thermo_Isoliermatte.png\" \/>\n\t<meta property=\"og:image:width\" content=\"1000\" \/>\n\t<meta property=\"og:image:height\" content=\"1000\" \/>\n\t<meta property=\"og:image:type\" content=\"image\/png\" \/>\n<meta name=\"twitter:card\" content=\"summary_large_image\" \/>\n<meta name=\"twitter:label1\" content=\"Prix\" \/>\n\t<meta name=\"twitter:data1\" content=\"&#67;&#72;&#70;11.90\" \/>\n\t<meta name=\"twitter:label2\" content=\"Availability\" \/>\n\t<meta name=\"twitter:data2\" content=\"In stock\" \/>\n<script type=\"application\/ld+json\" class=\"yoast-schema-graph\">{\"@context\":\"https:\/\/schema.org\",\"@graph\":[{\"@type\":\"WebPage\",\"@id\":\"https:\/\/www.fahrschultheorie.ch\/fr\/produit\/couverture-de-pare-brise-xxl-contre-le-gel-et-la-chaleur\/\",\"url\":\"https:\/\/www.fahrschultheorie.ch\/fr\/produit\/couverture-de-pare-brise-xxl-contre-le-gel-et-la-chaleur\/\",\"name\":\"Couverture de pare-brise XXL contre le gel et la chaleur - www.fahrschultheorie.ch\",\"isPartOf\":{\"@id\":\"https:\/\/www.fahrschultheorie.ch\/fr\/#website\"},\"datePublished\":\"2022-03-31T12:35:49+00:00\",\"dateModified\":\"2025-12-01T10:33:40+00:00\",\"description\":\"Facile \u00e0 fixer. Prot\u00e8ge contre le gel, la glace et la neige en hiver et contre le soleil, la chaleur et les rayons UV en \u00e9t\u00e9.\",\"breadcrumb\":{\"@id\":\"https:\/\/www.fahrschultheorie.ch\/fr\/produit\/couverture-de-pare-brise-xxl-contre-le-gel-et-la-chaleur\/#breadcrumb\"},\"inLanguage\":\"fr-FR\",\"potentialAction\":[{\"@type\":\"ReadAction\",\"target\":[\"https:\/\/www.fahrschultheorie.ch\/fr\/produit\/couverture-de-pare-brise-xxl-contre-le-gel-et-la-chaleur\/\"]}]},{\"@type\":\"BreadcrumbList\",\"@id\":\"https:\/\/www.fahrschultheorie.ch\/fr\/produit\/couverture-de-pare-brise-xxl-contre-le-gel-et-la-chaleur\/#breadcrumb\",\"itemListElement\":[{\"@type\":\"ListItem\",\"position\":1,\"name\":\"Startseite\",\"item\":\"https:\/\/www.fahrschultheorie.ch\/fr\/\"},{\"@type\":\"ListItem\",\"position\":2,\"name\":\"Boutique\",\"item\":\"https:\/\/www.fahrschultheorie.ch\/fr\/boutique\/\"},{\"@type\":\"ListItem\",\"position\":3,\"name\":\"Couverture de pare-brise XXL contre le gel et la chaleur\"}]},{\"@type\":\"WebSite\",\"@id\":\"https:\/\/www.fahrschultheorie.ch\/fr\/#website\",\"url\":\"https:\/\/www.fahrschultheorie.ch\/fr\/\",\"name\":\"www.fahrschultheorie.ch\",\"description\":\"Der gr\u00f6sste Fahrschulshop der Schweiz\",\"potentialAction\":[{\"@type\":\"SearchAction\",\"target\":{\"@type\":\"EntryPoint\",\"urlTemplate\":\"https:\/\/www.fahrschultheorie.ch\/fr\/?s={search_term_string}\"},\"query-input\":\"required name=search_term_string\"}],\"inLanguage\":\"fr-FR\"}]}<\/script>\n<meta property=\"product:price:amount\" content=\"11.90\" \/>\n<meta property=\"product:price:currency\" content=\"CHF\" \/>\n<meta property=\"og:availability\" content=\"instock\" \/>\n<meta property=\"product:availability\" content=\"instock\" \/>\n<meta property=\"product:retailer_item_id\" content=\"4010126003621\" \/>\n<meta property=\"product:condition\" content=\"new\" \/>\n<!-- \/ Yoast SEO plugin. -->","yoast_head_json":{"title":"Couverture de pare-brise XXL contre le gel et la chaleur - www.fahrschultheorie.ch","description":"Facile \u00e0 fixer. Prot\u00e8ge contre le gel, la glace et la neige en hiver et contre le soleil, la chaleur et les rayons UV en \u00e9t\u00e9.","robots":{"index":"index","follow":"follow","max-snippet":"max-snippet:-1","max-image-preview":"max-image-preview:large","max-video-preview":"max-video-preview:-1"},"canonical":"https:\/\/www.fahrschultheorie.ch\/fr\/produit\/couverture-de-pare-brise-xxl-contre-le-gel-et-la-chaleur\/","og_locale":"fr_FR","og_type":"article","og_title":"Couverture de pare-brise XXL contre le gel et la chaleur - www.fahrschultheorie.ch","og_description":"Facile \u00e0 fixer. Prot\u00e8ge contre le gel, la glace et la neige en hiver et contre le soleil, la chaleur et les rayons UV en \u00e9t\u00e9.","og_url":"https:\/\/www.fahrschultheorie.ch\/fr\/produit\/couverture-de-pare-brise-xxl-contre-le-gel-et-la-chaleur\/","og_site_name":"www.fahrschultheorie.ch","article_modified_time":"2025-12-01T10:33:40+00:00","og_image":[{"width":1000,"height":1000,"url":"https:\/\/www.fahrschultheorie.ch\/wp-content\/uploads\/2022\/03\/Thermo_Isoliermatte.png","type":"image\/png"}],"twitter_card":"summary_large_image","twitter_misc":{"Prix":"&#67;&#72;&#70;11.90","Availability":"In stock"},"schema":{"@context":"https:\/\/schema.org","@graph":[{"@type":"WebPage","@id":"https:\/\/www.fahrschultheorie.ch\/fr\/produit\/couverture-de-pare-brise-xxl-contre-le-gel-et-la-chaleur\/","url":"https:\/\/www.fahrschultheorie.ch\/fr\/produit\/couverture-de-pare-brise-xxl-contre-le-gel-et-la-chaleur\/","name":"Couverture de pare-brise XXL contre le gel et la chaleur - www.fahrschultheorie.ch","isPartOf":{"@id":"https:\/\/www.fahrschultheorie.ch\/fr\/#website"},"datePublished":"2022-03-31T12:35:49+00:00","dateModified":"2025-12-01T10:33:40+00:00","description":"Facile \u00e0 fixer. Prot\u00e8ge contre le gel, la glace et la neige en hiver et contre le soleil, la chaleur et les rayons UV en \u00e9t\u00e9.","breadcrumb":{"@id":"https:\/\/www.fahrschultheorie.ch\/fr\/produit\/couverture-de-pare-brise-xxl-contre-le-gel-et-la-chaleur\/#breadcrumb"},"inLanguage":"fr-FR","potentialAction":[{"@type":"ReadAction","target":["https:\/\/www.fahrschultheorie.ch\/fr\/produit\/couverture-de-pare-brise-xxl-contre-le-gel-et-la-chaleur\/"]}]},{"@type":"BreadcrumbList","@id":"https:\/\/www.fahrschultheorie.ch\/fr\/produit\/couverture-de-pare-brise-xxl-contre-le-gel-et-la-chaleur\/#breadcrumb","itemListElement":[{"@type":"ListItem","position":1,"name":"Startseite","item":"https:\/\/www.fahrschultheorie.ch\/fr\/"},{"@type":"ListItem","position":2,"name":"Boutique","item":"https:\/\/www.fahrschultheorie.ch\/fr\/boutique\/"},{"@type":"ListItem","position":3,"name":"Couverture de pare-brise XXL contre le gel et la chaleur"}]},{"@type":"WebSite","@id":"https:\/\/www.fahrschultheorie.ch\/fr\/#website","url":"https:\/\/www.fahrschultheorie.ch\/fr\/","name":"www.fahrschultheorie.ch","description":"Der gr\u00f6sste Fahrschulshop der Schweiz","potentialAction":[{"@type":"SearchAction","target":{"@type":"EntryPoint","urlTemplate":"https:\/\/www.fahrschultheorie.ch\/fr\/?s={search_term_string}"},"query-input":"required name=search_term_string"}],"inLanguage":"fr-FR"}]},"product_price_amount":"11.90","product_price_currency":"CHF","og_availability":"instock","product_availability":"instock","product_retailer_item_id":"4010126003621","product_condition":"new"},"_links":{"self":[{"href":"https:\/\/www.fahrschultheorie.ch\/fr\/wp-json\/wp\/v2\/product\/8780"}],"collection":[{"href":"https:\/\/www.fahrschultheorie.ch\/fr\/wp-json\/wp\/v2\/product"}],"about":[{"href":"https:\/\/www.fahrschultheorie.ch\/fr\/wp-json\/wp\/v2\/types\/product"}],"wp:featuredmedia":[{"embeddable":true,"href":"https:\/\/www.fahrschultheorie.ch\/fr\/wp-json\/wp\/v2\/media\/8839"}],"wp:attachment":[{"href":"https:\/\/www.fahrschultheorie.ch\/fr\/wp-json\/wp\/v2\/media?parent=8780"}],"wp:term":[{"taxonomy":"product_cat","embeddable":true,"href":"https:\/\/www.fahrschultheorie.ch\/fr\/wp-json\/wp\/v2\/product_cat?post=8780"},{"taxonomy":"product_tag","embeddable":true,"href":"https:\/\/www.fahrschultheorie.ch\/fr\/wp-json\/wp\/v2\/product_tag?post=8780"}],"curies":[{"name":"wp","href":"https:\/\/api.w.org\/{rel}","templated":true}]}}